{"version":"1.0","provider_name":"Ecovis en Uruguay","provider_url":"https:\/\/www.ecovis.com\/uruguay\/es","author_name":"fg_uruguay","author_url":"https:\/\/www.ecovis.com\/uruguay\/es\/blog\/author\/fg_uruguay\/","title":"R\u00e9gimen especial de Comercio de Frontera - Ecovis en Uruguay","type":"rich","width":600,"height":338,"html":"<blockquote class=\"wp-embedded-content\" data-secret=\"4JTmQidWWN\"><a href=\"https:\/\/www.ecovis.com\/uruguay\/es\/blog\/2025\/09\/18\/regimen-especial-de-comercio-de-frontera\/\">R\u00e9gimen especial de Comercio de Frontera<\/a><\/blockquote><iframe sandbox=\"allow-scripts\" security=\"restricted\" src=\"https:\/\/www.ecovis.com\/uruguay\/es\/blog\/2025\/09\/18\/regimen-especial-de-comercio-de-frontera\/embed\/#?secret=4JTmQidWWN\" width=\"600\" height=\"338\" title=\"\u00abR\u00e9gimen especial de Comercio de Frontera\u00bb \u2014 Ecovis en Uruguay\" data-secret=\"4JTmQidWWN\" frameborder=\"0\" marginwidth=\"0\" marginheight=\"0\" scrolling=\"no\" class=\"wp-embedded-content\"><\/iframe><script type=\"text\/javascript\">\n\/* <![CDATA[ *\/\n\/*! This file is auto-generated *\/\n!function(d,l){\"use strict\";l.querySelector&&d.addEventListener&&\"undefined\"!=typeof URL&&(d.wp=d.wp||{},d.wp.receiveEmbedMessage||(d.wp.receiveEmbedMessage=function(e){var t=e.data;if((t||t.secret||t.message||t.value)&&!\/[^a-zA-Z0-9]\/.test(t.secret)){for(var s,r,n,a=l.querySelectorAll('iframe[data-secret=\"'+t.secret+'\"]'),o=l.querySelectorAll('blockquote[data-secret=\"'+t.secret+'\"]'),c=new RegExp(\"^https?:$\",\"i\"),i=0;i<o.length;i++)o[i].style.display=\"none\";for(i=0;i<a.length;i++)s=a[i],e.source===s.contentWindow&&(s.removeAttribute(\"style\"),\"height\"===t.message?(1e3<(r=parseInt(t.value,10))?r=1e3:~~r<200&&(r=200),s.height=r):\"link\"===t.message&&(r=new URL(s.getAttribute(\"src\")),n=new URL(t.value),c.test(n.protocol))&&n.host===r.host&&l.activeElement===s&&(d.top.location.href=t.value))}},d.addEventListener(\"message\",d.wp.receiveEmbedMessage,!1),l.addEventListener(\"DOMContentLoaded\",function(){for(var e,t,s=l.querySelectorAll(\"iframe.wp-embedded-content\"),r=0;r<s.length;r++)(t=(e=s[r]).getAttribute(\"data-secret\"))||(t=Math.random().toString(36).substring(2,12),e.src+=\"#?secret=\"+t,e.setAttribute(\"data-secret\",t)),e.contentWindow.postMessage({message:\"ready\",secret:t},\"*\")},!1)))}(window,document);\n\/\/# sourceURL=https:\/\/www.ecovis.com\/uruguay\/es\/wp-includes\/js\/wp-embed.min.js\n\/* ]]> *\/\n<\/script>\n","thumbnail_url":"https:\/\/www.ecovis.com\/uruguay\/es\/wp-content\/uploads\/sites\/3\/2025\/09\/NL323_regimen.webp","thumbnail_width":1280,"thumbnail_height":550,"description":"El 3 de setiembre pasado fue publicada la Ley No. 20419 a trav\u00e9s de la cual se crea el r\u00e9gimen especial de comercio de frontera en las zonas fronterizas del pa\u00eds mediante el cual se podr\u00e1 importar definitivamente determinadas mercader\u00edas exentas del pago de tributos y paratributos, incluidos el IVA y el IMESI. Se faculta [&hellip;]"}