{"version":"1.0","provider_name":"ECOVIS International","provider_url":"https:\/\/www.ecovis.com\/internacional","author_name":"fg_internacional","author_url":"https:\/\/www.ecovis.com\/internacional\/author\/fg_internacional\/","title":"Reforma Fiscal 2021 M\u00e9xico - ECOVIS International","type":"rich","width":600,"height":338,"html":"<blockquote class=\"wp-embedded-content\" data-secret=\"HaTFX3o3eg\"><a href=\"https:\/\/www.ecovis.com\/internacional\/reforma-fiscal-2021-mexico\/\">Reforma Fiscal 2021 M\u00e9xico<\/a><\/blockquote><iframe sandbox=\"allow-scripts\" security=\"restricted\" src=\"https:\/\/www.ecovis.com\/internacional\/reforma-fiscal-2021-mexico\/embed\/#?secret=HaTFX3o3eg\" width=\"600\" height=\"338\" title=\"&#8220;Reforma Fiscal 2021 M\u00e9xico&#8221; &#8212; ECOVIS International\" data-secret=\"HaTFX3o3eg\" frameborder=\"0\" marginwidth=\"0\" marginheight=\"0\" scrolling=\"no\" class=\"wp-embedded-content\"><\/iframe><script type=\"text\/javascript\">\n\/* <![CDATA[ *\/\n\/*! This file is auto-generated *\/\n!function(d,l){\"use strict\";l.querySelector&&d.addEventListener&&\"undefined\"!=typeof URL&&(d.wp=d.wp||{},d.wp.receiveEmbedMessage||(d.wp.receiveEmbedMessage=function(e){var t=e.data;if((t||t.secret||t.message||t.value)&&!\/[^a-zA-Z0-9]\/.test(t.secret)){for(var s,r,n,a=l.querySelectorAll('iframe[data-secret=\"'+t.secret+'\"]'),o=l.querySelectorAll('blockquote[data-secret=\"'+t.secret+'\"]'),c=new RegExp(\"^https?:$\",\"i\"),i=0;i<o.length;i++)o[i].style.display=\"none\";for(i=0;i<a.length;i++)s=a[i],e.source===s.contentWindow&&(s.removeAttribute(\"style\"),\"height\"===t.message?(1e3<(r=parseInt(t.value,10))?r=1e3:~~r<200&&(r=200),s.height=r):\"link\"===t.message&&(r=new URL(s.getAttribute(\"src\")),n=new URL(t.value),c.test(n.protocol))&&n.host===r.host&&l.activeElement===s&&(d.top.location.href=t.value))}},d.addEventListener(\"message\",d.wp.receiveEmbedMessage,!1),l.addEventListener(\"DOMContentLoaded\",function(){for(var e,t,s=l.querySelectorAll(\"iframe.wp-embedded-content\"),r=0;r<s.length;r++)(t=(e=s[r]).getAttribute(\"data-secret\"))||(t=Math.random().toString(36).substring(2,12),e.src+=\"#?secret=\"+t,e.setAttribute(\"data-secret\",t)),e.contentWindow.postMessage({message:\"ready\",secret:t},\"*\")},!1)))}(window,document);\n\/\/# sourceURL=https:\/\/www.ecovis.com\/internacional\/wp-includes\/js\/wp-embed.min.js\n\/* ]]> *\/\n<\/script>\n","description":"Para la Reforma Fiscal del ejercicio fiscal de 2021, el Ejecutivo present\u00f3 el 8 de septiembre de 2020, al Congreso de la Uni\u00f3n, el Paquete Econ\u00f3mico respectivo, el cual incluye propuestas para la Miscel\u00e1nea fiscal en materia de Ley del Impuesto sobre la Renta (LISR), Ley del Impuesto al Valor Agregado (LIVA), Ley del Impuesto [&hellip;]"}